{"id":10486,"date":"2024-05-07T12:47:44","date_gmt":"2024-05-07T10:47:44","guid":{"rendered":"https:\/\/rcn-ong.be\/?page_id=10486"},"modified":"2025-04-17T16:01:02","modified_gmt":"2025-04-17T14:01:02","slug":"justice-judiciaire","status":"publish","type":"page","link":"https:\/\/rcn-ong.be\/en\/justice-judiciaire\/","title":{"rendered":"Justice judiciaire"},"content":{"rendered":"<p><em><span style=\"color: #808080;\">Derni\u00e8re mise \u00e0 jour Avril 2025<\/span><\/em><\/p>\n\n\n<p>Dans les pays du Nord et du Sud global, la r\u00e9ponse polici\u00e8re et judiciaire, du fait de ses sp\u00e9cificit\u00e9s (en particulier r\u00e9pressive et punitive pour la justice p\u00e9nale), soul\u00e8ve des enjeux majeurs au niveau individuel (pour le respect des droits individuels) mais aussi au niveau collectif (le non-respect des libert\u00e9s fondamentales affectant la collectivit\u00e9 dans son ensemble car il influe sur les dynamiques de pouvoir politiques, \u00e9conomiques et sociales). Si les probl\u00e9matiques judiciaires doivent toujours \u00eatre contextualis\u00e9es, quelques d\u00e9fis r\u00e9currents peuvent \u00eatre relev\u00e9s, tels que l\u2019usage disproportionn\u00e9 voire excessif de la force, la corruption syst\u00e9mique des appareils judiciaires, la lutte contre les discriminations et les in\u00e9galit\u00e9s dans la r\u00e9ponse polici\u00e8re et judiciaire, la lutte contre la criminalit\u00e9 et le terrorisme n\u00e9cessitant de trouver un \u00e9quilibre entre s\u00e9curit\u00e9 et respect des libert\u00e9s individuelles, les probl\u00e8mes de torture, traitements cruels, inhumains et d\u00e9gradants ainsi que les dysfonctionnements banalis\u00e9s de la cha\u00eene p\u00e9nale (en particulier les pratiques abusives en mati\u00e8re de garde \u00e0 vue et d\u00e9tention pr\u00e9ventive).<\/p>\n\n\n\n<p>Les programmes de RCN J&amp;D visant la justice judiciaire se concentrent sur ces probl\u00e9matiques. Le changement vis\u00e9 \u00e0 travers ce type de programmes est que les Etats offrent (1) des r\u00e9ponses \u00e0 la fois l\u00e9gales, efficaces et proportionn\u00e9es, (2) dans le respect des garanties, des droits et des responsabilit\u00e9s des justiciables (3) conform\u00e9ment \u00e0 un Etat de droit respectueux des standards internationaux et nationaux des droits humains.<\/p>\n\n\n\n<p>RCN J&amp;D cherche \u00e0 <strong>favoriser des changements d\u2019attitudes et de pratiques des acteur\u00b7ices judiciaire\u202f et des justiciables <\/strong>afin d\u2019am\u00e9liorer le fonctionnement g\u00e9n\u00e9ral de la justice, promouvoir l\u2019int\u00e9grit\u00e9 et r\u00e9duire les atteintes aux droits humains.&nbsp;<\/p>\n\n\n\n<p>RCN J&amp;D soutient le renforcement de capacit\u00e9s des acteur\u00b7ices judiciaires et de leur sens des responsabilit\u00e9s, et soutient la soci\u00e9t\u00e9 civile dans ses initiatives de sensibilisation de la population sur ses droits, son r\u00f4le de contr\u00f4le citoyen, d\u2019alerte et de d\u00e9nonciation des abus manifestes. En maintenant <strong>une posture de m\u00e9diateur entre acteur\u00b7ices \u00e9tatiques et soci\u00e9t\u00e9s civiles nationales<\/strong>, RCN J&amp;D m\u00e9nage des espaces de dialogue et d\u2019influence en direction des acteur\u00b7rices judiciaires, permettant par exemple d\u2019effectuer du <em>monitoring<\/em> des lieux de d\u00e9tention et de soutenir les initiatives de contr\u00f4le des parquets. Cela permet de lutter contre les abus en mati\u00e8re de garde \u00e0 vue, d\u00e9tention pr\u00e9ventive et de sanctionner les actes de torture.&nbsp;&nbsp;&nbsp;<\/p>\n\n\n\n<div class=\"wp-block-image\"><figure class=\"aligncenter size-large is-resized\"><img loading=\"lazy\" decoding=\"async\" src=\"https:\/\/rcn-ong.be\/wp-content\/uploads\/2025\/04\/JJ-1024x695.png\" alt=\"\" class=\"wp-image-11535\" width=\"486\" height=\"329\" srcset=\"https:\/\/rcn-ong.be\/wp-content\/uploads\/2025\/04\/JJ-1024x695.png 1024w, https:\/\/rcn-ong.be\/wp-content\/uploads\/2025\/04\/JJ-300x204.png 300w, https:\/\/rcn-ong.be\/wp-content\/uploads\/2025\/04\/JJ-768x521.png 768w, https:\/\/rcn-ong.be\/wp-content\/uploads\/2025\/04\/JJ-1536x1042.png 1536w, https:\/\/rcn-ong.be\/wp-content\/uploads\/2025\/04\/JJ-100x68.png 100w, https:\/\/rcn-ong.be\/wp-content\/uploads\/2025\/04\/JJ-150x102.png 150w, https:\/\/rcn-ong.be\/wp-content\/uploads\/2025\/04\/JJ-200x136.png 200w, https:\/\/rcn-ong.be\/wp-content\/uploads\/2025\/04\/JJ-450x305.png 450w, https:\/\/rcn-ong.be\/wp-content\/uploads\/2025\/04\/JJ-600x407.png 600w, https:\/\/rcn-ong.be\/wp-content\/uploads\/2025\/04\/JJ-900x611.png 900w, https:\/\/rcn-ong.be\/wp-content\/uploads\/2025\/04\/JJ.png 1798w\" sizes=\"auto, (max-width: 486px) 100vw, 486px\" \/><figcaption><em>Pascaline Adamantidis<\/em><\/figcaption><\/figure><\/div>\n","protected":false},"excerpt":{"rendered":"<p><em><span style=\"color: #808080;\">Derni\u00e8re mise \u00e0 jour Avril 2025<\/span><\/em><\/p>\n<p>Dans les pays du Nord et du Sud global, la r\u00e9ponse polici\u00e8re et judiciaire, du fait de ses sp\u00e9cificit\u00e9s (en particulier r\u00e9pressive et punitive pour la justice p\u00e9nale),<\/p>\n<p><span class=\"ellipsis\">&hellip;<\/span><\/p>\n<div class=\"read-more\"><a href=\"https:\/\/rcn-ong.be\/en\/justice-judiciaire\/\">Read more &#8250;<\/a><\/div>\n<p><!-- end of .read-more --><\/p>\n","protected":false},"author":3,"featured_media":0,"parent":0,"menu_order":0,"comment_status":"closed","ping_status":"closed","template":"","meta":{"footnotes":""},"class_list":["post-10486","page","type-page","status-publish","hentry"],"_links":{"self":[{"href":"https:\/\/rcn-ong.be\/en\/wp-json\/wp\/v2\/pages\/10486","targetHints":{"allow":["GET"]}}],"collection":[{"href":"https:\/\/rcn-ong.be\/en\/wp-json\/wp\/v2\/pages"}],"about":[{"href":"https:\/\/rcn-ong.be\/en\/wp-json\/wp\/v2\/types\/page"}],"author":[{"embeddable":true,"href":"https:\/\/rcn-ong.be\/en\/wp-json\/wp\/v2\/users\/3"}],"replies":[{"embeddable":true,"href":"https:\/\/rcn-ong.be\/en\/wp-json\/wp\/v2\/comments?post=10486"}],"version-history":[{"count":5,"href":"https:\/\/rcn-ong.be\/en\/wp-json\/wp\/v2\/pages\/10486\/revisions"}],"predecessor-version":[{"id":11639,"href":"https:\/\/rcn-ong.be\/en\/wp-json\/wp\/v2\/pages\/10486\/revisions\/11639"}],"wp:attachment":[{"href":"https:\/\/rcn-ong.be\/en\/wp-json\/wp\/v2\/media?parent=10486"}],"curies":[{"name":"wp","href":"https:\/\/api.w.org\/{rel}","templated":true}]}}