{"id":11058,"date":"2024-10-04T11:38:07","date_gmt":"2024-10-04T09:38:07","guid":{"rendered":"https:\/\/rcn-ong.be\/?page_id=11058"},"modified":"2025-04-17T17:59:29","modified_gmt":"2025-04-17T15:59:29","slug":"suivi-des-proces-en-competence-universelle","status":"publish","type":"page","link":"https:\/\/rcn-ong.be\/nl\/suivi-des-proces-en-competence-universelle\/","title":{"rendered":"Suivi des proc\u00e8s en comp\u00e9tence universelle"},"content":{"rendered":"<p><em><span style=\"color: #808080;\">Derni\u00e8re mise \u00e0 jour D\u00e9cembre 2024<\/span><\/em><\/p>\n\n\n<p>Des proc\u00e8s en lien avec le g\u00e9nocide perp\u00e9tr\u00e9 contre les Tutsi ont r\u00e9guli\u00e8rement lieu en Europe, sur base notamment du principe de la <a rel=\"noreferrer noopener\" href=\"https:\/\/www.youtube.com\/watch?v=9MgaO_YLtxg\" target=\"_blank\"><strong>comp\u00e9tence universelle<\/strong><\/a>. RCN J&amp;D est persuad\u00e9e que la pr\u00e9servation de la m\u00e9moire des proc\u00e8s (en particulier ceux qui se d\u00e9roulent en dehors du pays concern\u00e9) et son appropriation, notamment par les populations affect\u00e9es, contribuent aux processus de r\u00e9conciliation et de coh\u00e9sion sociale dans le pays touch\u00e9.<\/p>\n\n\n\n<p>Retrouvez les comptes rendus de certains de ces proc\u00e8s :<\/p>\n\n\n\n<h5 class=\"wp-block-heading\"><strong>Proc\u00e8s en appel Philippe Manier\/Hategekimana &#8211; Paris (2024)<\/strong><\/h5>\n\n\n\n<p>Philippe Manier, n\u00e9 Philippe Hategekimana, ancien gendarme rwandais, condamn\u00e9 en 2023 par la cour d&#8217;Assises de Paris, est jug\u00e9 en appel \u00e0 Paris.<\/p>\n\n\n\n<ul class=\"wp-block-list\"><li><a rel=\"noreferrer noopener\" href=\"https:\/\/rcn-ong.be\/philippe-manier-hategekimana-ex-gendarme-rwandais-juge-a-paris-les-comptes-rendus-daudience\/\" target=\"_blank\"><strong>Comptes rendus d&#8217;audience<\/strong><\/a> du proc\u00e8s en appel Philippe Manier\/Hategekimana.<\/li><\/ul>\n\n\n\n<h5 class=\"wp-block-heading\"><strong>Proc\u00e8s Eug\u00e8ne Rwamucyo &#8211; Paris (2024)<\/strong><\/h5>\n\n\n\n<p>Eug\u00e8ne Rwamucyo, ancien m\u00e9decin et professeur \u00e0 l&#8217;Universit\u00e9 de Butare, est poursuivi en 2024 devant la Cour d&#8217;Assises de Paris pour sa participation pr\u00e9sum\u00e9e aux crimes de g\u00e9nocide et crimes contre l&#8217;humanit\u00e9 commis lors du g\u00e9nocide perp\u00e9tr\u00e9 contre les Tutsi au Rwanda en 1994.<\/p>\n\n\n\n<p>Le 31 octobre 2024, il est condamn\u00e9 \u00e0 27 ans de r\u00e9clusion criminelle.<\/p>\n\n\n\n<ul class=\"wp-block-list\"><li>Retrouvez plus d&#8217;information<a rel=\"noreferrer noopener\" href=\"https:\/\/rcn-ong.be\/ouverture-du-proces-deugene-rwamucyo\/\" target=\"_blank\"> ici<\/a>.<\/li><\/ul>\n\n\n\n<h5 class=\"wp-block-heading\"><strong>Proc\u00e8s F\u00e9licien Kabuga \u2013 La Haye (2022-2023)<\/strong><\/h5>\n\n\n\n<p>F\u00e9licien Kabuga, un des fondateurs de la station rwandaise Radio t\u00e9l\u00e9vision libre des Mille Collines (RTLM), accus\u00e9 d\u2019avoir utilis\u00e9 la RTLM afin d\u2019attiser la haine et la violence contre les Tutsi, est jug\u00e9 devant la division de La Haye du M\u00e9canisme international.&nbsp;<\/p>\n\n\n\n<ul class=\"wp-block-list\"><li><a rel=\"noreferrer noopener\" href=\"https:\/\/rcn-ong.be\/felicien-kabuga-fondateur-de-la-radio-television-libre-des-milles-collines-juge-a-la-haye-les-comptes-rendus-daudience\/\" target=\"_blank\"><strong>Comptes rendus d\u2019audience<\/strong><\/a>&nbsp;du proc\u00e8s F\u00e9licien Kabuga.<\/li><\/ul>\n\n\n\n<h5 class=\"wp-block-heading\"><strong>Proc\u00e8s Laurent Bucyibaruta \u2013 Paris (2022)<\/strong><\/h5>\n\n\n\n<p>Laurent Bucyibaruta, ex-haut fonctionnaire rwandais, est poursuivi en 2022 devant la Cour d\u2019Assises de Paris pour sa participation pr\u00e9sum\u00e9e aux crimes contre l\u2019humanit\u00e9 et g\u00e9nocide perp\u00e9tr\u00e9s contre des Tusti au Rwanda en 1994.<\/p>\n\n\n\n<ul class=\"wp-block-list\"><li><a rel=\"noreferrer noopener\" href=\"https:\/\/rcn-ong.be\/laurent-bucyibaruta-ex-haut-fonctionnaire-rwandais-juge-a-paris-les-comptes-rendus-daudience\/\" target=\"_blank\"><strong>Comptes rendus d\u2019audience<\/strong><\/a>&nbsp;du proc\u00e8s Laurent Bucyibaruta.<\/li><\/ul>\n\n\n\n<h5 class=\"wp-block-heading\"><strong>Proc\u00e8s des Quatre de Butare \u2013 Bruxelles (2001)<\/strong><\/h5>\n\n\n\n<p>Vincent Ntezimana, ancien enseignant \u00e0 l\u2019universit\u00e9 de Butare, Alphonse Higaniro, ex-ministre, et les religieuses Consolata Mukagango et Julienne Mukagango, sont accus\u00e9\u00b7es d\u2019avoir particip\u00e9 au g\u00e9nocide perp\u00e9tr\u00e9 contre les Tutsi en 1994. Les quatre ressortissants rwandais sont jug\u00e9s en Belgique en 2001.<\/p>\n\n\n\n<ul class=\"wp-block-list\"><li><a rel=\"noreferrer noopener\" href=\"https:\/\/assisesrwanda2001.org\/\" target=\"_blank\"><strong>Comptes rendus d\u2019audience<\/strong><\/a>&nbsp;des proc\u00e8s des quatre de Butare.<\/li><\/ul>\n","protected":false},"excerpt":{"rendered":"<p><em><span style=\"color: #808080;\">Derni\u00e8re mise \u00e0 jour D\u00e9cembre 2024<\/span><\/em><\/p>\n<p>Des proc\u00e8s en lien avec le g\u00e9nocide perp\u00e9tr\u00e9 contre les Tutsi ont r\u00e9guli\u00e8rement lieu en Europe, sur base notamment du principe de la <a rel=\"noreferrer noopener\" href=\"https:\/\/www.youtube.com\/watch?v=9MgaO_YLtxg\" target=\"_blank\"><strong>comp\u00e9tence universelle<\/strong><\/a>.<\/p>\n<p><span class=\"ellipsis\">&hellip;<\/span><\/p>\n<div class=\"read-more\"><a href=\"https:\/\/rcn-ong.be\/nl\/suivi-des-proces-en-competence-universelle\/\">Lees meer &#8250;<\/a><\/div>\n<p><!-- end of .read-more --><\/p>\n","protected":false},"author":3,"featured_media":0,"parent":0,"menu_order":0,"comment_status":"closed","ping_status":"closed","template":"","meta":{"footnotes":""},"class_list":["post-11058","page","type-page","status-publish","hentry"],"_links":{"self":[{"href":"https:\/\/rcn-ong.be\/nl\/wp-json\/wp\/v2\/pages\/11058","targetHints":{"allow":["GET"]}}],"collection":[{"href":"https:\/\/rcn-ong.be\/nl\/wp-json\/wp\/v2\/pages"}],"about":[{"href":"https:\/\/rcn-ong.be\/nl\/wp-json\/wp\/v2\/types\/page"}],"author":[{"embeddable":true,"href":"https:\/\/rcn-ong.be\/nl\/wp-json\/wp\/v2\/users\/3"}],"replies":[{"embeddable":true,"href":"https:\/\/rcn-ong.be\/nl\/wp-json\/wp\/v2\/comments?post=11058"}],"version-history":[{"count":11,"href":"https:\/\/rcn-ong.be\/nl\/wp-json\/wp\/v2\/pages\/11058\/revisions"}],"predecessor-version":[{"id":11668,"href":"https:\/\/rcn-ong.be\/nl\/wp-json\/wp\/v2\/pages\/11058\/revisions\/11668"}],"wp:attachment":[{"href":"https:\/\/rcn-ong.be\/nl\/wp-json\/wp\/v2\/media?parent=11058"}],"curies":[{"name":"wp","href":"https:\/\/api.w.org\/{rel}","templated":true}]}}