{"id":3021,"date":"2015-03-23T10:48:45","date_gmt":"2015-03-23T10:48:45","guid":{"rendered":"https:\/\/rcn-ong.be\/?page_id=3021"},"modified":"2015-12-11T09:15:09","modified_gmt":"2015-12-11T09:15:09","slug":"appui-au-renforcement-de-letat-de-droit-et-de-la-justice-dans-la-ville-de-kinshasa-et-dans-les-provinces-du-bas-congo-et-du-bandundu","status":"publish","type":"page","link":"https:\/\/rcn-ong.be\/nl\/que-faisons-nous\/nos-pays-d-intervention\/republique-democratique-du-congo\/realisations-anterieures\/appui-au-renforcement-de-letat-de-droit-et-de-la-justice-dans-la-ville-de-kinshasa-et-dans-les-provinces-du-bas-congo-et-du-bandundu\/","title":{"rendered":"&#8220;Appui au renforcement de l\u2019Etat de droit et de la justice dans la ville de Kinshasa et dans les provinces du Bas-Congo et du Bandundu&#8221;"},"content":{"rendered":"<p>&nbsp;<\/p>\n<p>L\u2019objectif du programme \u00e9tait <strong>de renforcer l\u2019\u00e9tat de droit et la paix sociale et de contribuer \u00e0 l\u2019\u00e9mergence d\u2019un espace public en R\u00e9publique d\u00e9mocratique du Congo et plus sp\u00e9cifiquement \u00e0 Kinshasa et dans les provinces du Bas-Congo et du Bandundu<\/strong>.<\/p>\n<ul>\n<li>\u00a0Des rencontres\u00a0furent organis\u00e9es entre les intervenants de la justice sur des th\u00e8mes particuliers ainsi qu\u2019un appui \u00e0 l\u2019Ecole de Formation et de Recyclage du Personnel Judiciaire. Les liens avec les services\u00a0du Minist\u00e8re de la Justice charg\u00e9s de la formation du personnel judiciaire et des magistrats furent centralis\u00e9s de m\u00eame que l\u2019appui p\u00e9dagogique \u00e0 toutes les formations RCN Justice &amp; D\u00e9mocratie et la publication et la diffusion de la documentation (ouvrages, modules, supports de vulgarisation).<a href=\"https:\/\/rcn-ong.be\/wp-content\/uploads\/2015\/05\/Appui-au-renforcement-de-l\u00e9tat-de-droit-1.jpg\"><img loading=\"lazy\" decoding=\"async\" class=\"alignleft size-medium wp-image-3837\" src=\"https:\/\/rcn-ong.be\/wp-content\/uploads\/2015\/05\/Appui-au-renforcement-de-l\u00e9tat-de-droit-1-300x225.jpg\" alt=\"Appui au renforcement de l'\u00e9tat de droit 1\" width=\"300\" height=\"225\" srcset=\"https:\/\/rcn-ong.be\/wp-content\/uploads\/2015\/05\/Appui-au-renforcement-de-l\u00e9tat-de-droit-1-300x225.jpg 300w, https:\/\/rcn-ong.be\/wp-content\/uploads\/2015\/05\/Appui-au-renforcement-de-l\u00e9tat-de-droit-1-100x75.jpg 100w, https:\/\/rcn-ong.be\/wp-content\/uploads\/2015\/05\/Appui-au-renforcement-de-l\u00e9tat-de-droit-1-150x113.jpg 150w, https:\/\/rcn-ong.be\/wp-content\/uploads\/2015\/05\/Appui-au-renforcement-de-l\u00e9tat-de-droit-1-200x150.jpg 200w, https:\/\/rcn-ong.be\/wp-content\/uploads\/2015\/05\/Appui-au-renforcement-de-l\u00e9tat-de-droit-1.jpg 333w\" sizes=\"auto, (max-width: 300px) 100vw, 300px\" \/><\/a><\/li>\n<li>Un appui aux formations permanentes organis\u00e9es par les responsables des greffes et des secr\u00e9tariats de parquets \u00e0 Kinshasa et dans la province du Bas-Congo et un appui aux formations organis\u00e9es par les Inspecteurs de Police Judiciaire \u00e0 Kinshasa ont \u00e9t\u00e9 fournis. Un suivi de ces responsables fut organis\u00e9.<\/li>\n<li>Des s\u00e9minaires pour les magistrats militaires et civils du si\u00e8ge et du parquet de la ville de Kinshasa et de la province du Bas-Congo furent organis\u00e9s ainsi que des recyclages destin\u00e9s aux Officiers de police judiciaire de la Police Nationale Congolaise habilit\u00e9s de la ville de Kinshasa et de la province du Bas-Congo, des Inspecteurs de Police Judiciaire militaires et des IPJ civils et militaires du Bas-Congo et un suivi des OPJ recycl\u00e9s. RCN Justice &amp; D\u00e9mocratie a \u00e9galement organis\u00e9 des s\u00e9minaires pour les magistrats des Tribunaux de Paix, Parquets secondaires et parquets de grande instance du Bandundu et une formation pour les agents du secteur public de Kikwit et Bandundu-Ville.<\/li>\n<li>Des formations relatives\u00a0\u00e0 certaines notions de droit et aux droits et devoirs des citoyens pour des autorit\u00e9s communales, administratives et coutumi\u00e8res de la province du Bas-Congo et des formations des artistes aux notions \u00e9l\u00e9mentaires de droit furent mises en \u0153uvre. Une formation aux notions \u00e9l\u00e9mentaires de droit pour des personnes-ressources et des autorit\u00e9s formelles et informelles dans la ville de Moanda (Bas-Fleuve) fut organis\u00e9e \u00e9galement.<\/li>\n<\/ul>\n<p><strong>Concernant les actions visant la population et la soci\u00e9t\u00e9 civile, les r\u00e9alisations suivantes ont \u00e9t\u00e9 men\u00e9es :<\/strong><\/p>\n<ul>\n<li>Un appui aux actions et un appui en documentation aux personnes ressources dans certaines communes de Kinshasa ainsi qu\u2019un soutien aux initiatives de modernisation et de vulgarisation du droit \u00e9manant des professionnels de la justice ;<\/li>\n<li>un suivi des personnes ressources et autorit\u00e9s formelles et informelles form\u00e9es par RCN Justice &amp; D\u00e9mocratie depuis 2002 \u00e0 Kinshasa, par le soutien \u00e0 des actions de vulgarisation et des ateliers de rencontre\u00a0entre les personnes form\u00e9es et les autorit\u00e9s fut aussi organis\u00e9.<\/li>\n<\/ul>\n<p>RCN Justice &amp; D\u00e9mocratie a \u00e9galement organis\u00e9 des activit\u00e9s de proximit\u00e9 dans certaines communes de Kinshasa :<\/p>\n<ul>\n<li>Journ\u00e9es portes ouvertes dans les Tribunaux de paix de Matete et de la province du Bas-Congo ;<\/li>\n<li>soutien \u00e0 des initiatives prises par des personnes-ressources et des autorit\u00e9s formelles et informelles ;<\/li>\n<li>sensibilisation de la population et vulgarisation de ses droits et obligations ;<\/li>\n<li>formation aux notions \u00e9l\u00e9mentaires de droit de personnes-ressources et d\u2019autorit\u00e9s formelles et informelles dans certaines communes de Kinshasa et formation d\u2019un public mixte sur les taxes et imp\u00f4ts dans la commune de Kisenso ;<\/li>\n<li>soutien \u00e0 la production culturelle t\u00e9l\u00e9visuelle de vulgarisation et aux productions\u00a0journalistiques de sensibilisation au droit et \u00e0 la diffusion de supports de vulgarisation.<\/li>\n<\/ul>\n<p><strong>Enfin, RCN Justice &amp; D\u00e9mocratie a assur\u00e9 son appui \u00e0 un centre de documentation au Bas-Congo.<\/strong><\/p>\n<p>En juin 2006, l\u2019antenne de Matadi fut ferm\u00e9e. C\u2019est le bureau de Kinshasa qui d\u00e9veloppe depuis lors les actions de RCN Justice &amp; D\u00e9mocratie dans la province du Bas-Congo.<\/p>\n<p><strong>En 2007-2008, RCN Justice &amp; D\u00e9mocratie avait atteint les r\u00e9sultats suivants :<\/strong><\/p>\n<ul>\n<li>Appuyer la formation permanente au sein des 14 greffes et 7 secr\u00e9tariats de parquet civils de Kinshasa (soit env. 350 professionnels) et des 17 greffes et 10 secr\u00e9tariats de parquet civils du Bas-Congo (soit env. 250 professionnels form\u00e9s) ;\u00a0<a href=\"https:\/\/rcn-ong.be\/wp-content\/uploads\/2015\/05\/Appui-au-renforcement-de-l\u00e9tat-de-droit-2.jpg\"><img loading=\"lazy\" decoding=\"async\" class=\"alignright size-full wp-image-3838\" src=\"https:\/\/rcn-ong.be\/wp-content\/uploads\/2015\/05\/Appui-au-renforcement-de-l\u00e9tat-de-droit-2.jpg\" alt=\"Appui au renforcement de l'\u00e9tat de droit 2\" width=\"200\" height=\"267\" srcset=\"https:\/\/rcn-ong.be\/wp-content\/uploads\/2015\/05\/Appui-au-renforcement-de-l\u00e9tat-de-droit-2.jpg 200w, https:\/\/rcn-ong.be\/wp-content\/uploads\/2015\/05\/Appui-au-renforcement-de-l\u00e9tat-de-droit-2-100x134.jpg 100w, https:\/\/rcn-ong.be\/wp-content\/uploads\/2015\/05\/Appui-au-renforcement-de-l\u00e9tat-de-droit-2-150x200.jpg 150w\" sizes=\"auto, (max-width: 200px) 100vw, 200px\" \/><\/a><\/li>\n<li>distribuer une centaine d\u2019ouvrages de doctrine et 1600 exemplaires de la loi sur les violences sexuelles aux juridictions de Kinshasa et du Bas-Congo suite\u00a0\u00e0 un incendie au TGI de Lisala, Equateur, un support documentaire a \u00e9t\u00e9 exceptionnellement apport\u00e9 \u00e0 cette juridiction) ;<\/li>\n<li>former aux notions \u00e9l\u00e9mentaires de droit 185 acteurs locaux (gestionnaires des march\u00e9s, membres des conseils consultatifs de d\u00e9veloppement, agents communaux, autorit\u00e9s administratives et coutumi\u00e8res) ;<\/li>\n<li>produire et diffuser 180.000 d\u00e9pliants informatifs en fran\u00e7ais et en lingala et env. 300 supports vid\u00e9os (fran\u00e7ais, kikongo, lingala, kiyombe) ;<\/li>\n<li>organiser 18 ateliers-rencontres entre personnes de la soci\u00e9t\u00e9 civile et autorit\u00e9s judiciaires, ayant r\u00e9uni en tout 500 personnes (essentiellement repr\u00e9sentants de la population et officiers de police judiciaire) ;<\/li>\n<li>organiser 5 Journ\u00e9es portes ouvertes dans des Tribunaux de paix de Kinshasa et du Bas-Congo (\u00e0 l\u2019attention de plus de 700 personnes).<\/li>\n<\/ul>\n<p><strong>\u00a0Sp\u00e9cifiquement les activit\u00e9s dans la province de Kinshasa :<\/strong><\/p>\n<ul>\n<li>Recycler 42 greffiers et des secr\u00e9taires de parquets militaires ;<\/li>\n<li>appuyer la formation permanente de 200 Inspecteurs de Police judiciaire des parquets civils ;<\/li>\n<li>appuyer la formation permanente de plus de 600 Officiers de Police judiciaire de la Police nationale congolaise ;<\/li>\n<li>recycler les commandants des 32 commissariats de la Police de Kinshasa ;<\/li>\n<li>former 30 formateurs de la Police nationale congolaise ;<\/li>\n<li>organiser une campagne de vulgarisation du droit en mati\u00e8re de taxes et imp\u00f4ts (communes de Ndjili, Kisenso et Kimbanseke) aupr\u00e8s d\u2019env. 3200 personnes (vendeuses sur les march\u00e9s, percepteurs des taxes etc.) ;<\/li>\n<li>mener une \u00e9tude sur la d\u00e9tention arbitraire dans la Commune de Kisenso.<\/li>\n<\/ul>\n<p><strong>Sp\u00e9cifiquement les activit\u00e9s dans la province du Bas-Congo :<\/strong><\/p>\n<ul>\n<li>Assurer le suivi des 31 Inspecteurs de Police judiciaire civils et militaires et 60 OPJ recycl\u00e9s pr\u00e9c\u00e9demment ;<\/li>\n<li>am\u00e9liorer les capacit\u00e9s de 80 magistrats civils et militaires du Bas-Congo sur les violences sexuelles (\u00e0 travers 2 s\u00e9minaires de 5 jours chacun).<\/li>\n<\/ul>\n<p><strong>\u00a0Activit\u00e9s qui couvrent l\u2019\u00e9tendue de la RDC :<\/strong><\/p>\n<ul>\n<li>Capitaliser les exp\u00e9riences de terrain en vue de compl\u00e9ter la r\u00e9flexion sur la r\u00e9forme de la justice et de pr\u00e9ciser le positionnement de RCN Justice &amp; D\u00e9mocratie ;<\/li>\n<li>organiser 2 rencontres\u00a0th\u00e9matiques avec la hi\u00e9rarchie des professionnels du droit.<\/li>\n<\/ul>\n","protected":false},"excerpt":{"rendered":"<p>&nbsp;<\/p>\n<p>L\u2019objectif du programme \u00e9tait <strong>de renforcer l\u2019\u00e9tat de droit et la paix sociale et de contribuer \u00e0 l\u2019\u00e9mergence d\u2019un espace public en R\u00e9publique d\u00e9mocratique du Congo et plus sp\u00e9cifiquement \u00e0 Kinshasa et dans les provinces du Bas-Congo et du Bandundu<\/strong>.<\/p>\n<p><span class=\"ellipsis\">&hellip;<\/span><\/p>\n<div class=\"read-more\"><a href=\"https:\/\/rcn-ong.be\/nl\/que-faisons-nous\/nos-pays-d-intervention\/republique-democratique-du-congo\/realisations-anterieures\/appui-au-renforcement-de-letat-de-droit-et-de-la-justice-dans-la-ville-de-kinshasa-et-dans-les-provinces-du-bas-congo-et-du-bandundu\/\">Lees meer &#8250;<\/a><\/div>\n<p><!-- end of .read-more --><\/p>\n","protected":false},"author":3,"featured_media":0,"parent":2964,"menu_order":0,"comment_status":"open","ping_status":"open","template":"sidebar-content-page.php","meta":{"footnotes":""},"class_list":["post-3021","page","type-page","status-publish","hentry"],"_links":{"self":[{"href":"https:\/\/rcn-ong.be\/nl\/wp-json\/wp\/v2\/pages\/3021","targetHints":{"allow":["GET"]}}],"collection":[{"href":"https:\/\/rcn-ong.be\/nl\/wp-json\/wp\/v2\/pages"}],"about":[{"href":"https:\/\/rcn-ong.be\/nl\/wp-json\/wp\/v2\/types\/page"}],"author":[{"embeddable":true,"href":"https:\/\/rcn-ong.be\/nl\/wp-json\/wp\/v2\/users\/3"}],"replies":[{"embeddable":true,"href":"https:\/\/rcn-ong.be\/nl\/wp-json\/wp\/v2\/comments?post=3021"}],"version-history":[{"count":5,"href":"https:\/\/rcn-ong.be\/nl\/wp-json\/wp\/v2\/pages\/3021\/revisions"}],"predecessor-version":[{"id":4078,"href":"https:\/\/rcn-ong.be\/nl\/wp-json\/wp\/v2\/pages\/3021\/revisions\/4078"}],"up":[{"embeddable":true,"href":"https:\/\/rcn-ong.be\/nl\/wp-json\/wp\/v2\/pages\/2964"}],"wp:attachment":[{"href":"https:\/\/rcn-ong.be\/nl\/wp-json\/wp\/v2\/media?parent=3021"}],"curies":[{"name":"wp","href":"https:\/\/api.w.org\/{rel}","templated":true}]}}