{"id":4765,"date":"2019-10-07T12:46:58","date_gmt":"2019-10-07T10:46:58","guid":{"rendered":"https:\/\/rcn-ong.be\/?page_id=4765"},"modified":"2019-10-07T12:52:23","modified_gmt":"2019-10-07T10:52:23","slug":"une-assistante-pedagogique-pour-son-programme-europe","status":"publish","type":"page","link":"https:\/\/rcn-ong.be\/nl\/agir-participer\/offres-demploi\/une-assistante-pedagogique-pour-son-programme-europe\/","title":{"rendered":"Un(e) assistant(e) p\u00e9dagogique pour son programme Europe"},"content":{"rendered":"\n<p>RCN Justice &amp; D\u00e9mocratie est une ONG belge qui m\u00e8ne depuis 1994 des projets de reconstruction de l\u2019Etat de droit dans diff\u00e9rents pays en transition ou en d\u00e9veloppement. RCN J&amp;D intervient actuellement en RDC, au Rwanda, au Burundi, au Maroc et en Europe. Des informations sur RCN J&amp;D sont accessibles sur notre site (<a href=\"http:\/\/www.rcn-ong.be\/\" target=\"_blank\" rel=\"noreferrer noopener\">www.rcn-ong.be<\/a>).<\/p>\n\n\n\n<p>La mission du programme Europe se concentre plus particuli\u00e8rement sur les actions d\u2019Education \u00e0 la M\u00e9moire et d\u2019Education \u00e0 la Citoyennet\u00e9 Mondiale et Solidaire. A travers une s\u00e9rie de t\u00e9moignages de personnes ayant v\u00e9cu des atrocit\u00e9s criminelles, RCN J&amp;D vise \u00e0 lutter contre l\u2019oubli et contre les atrocit\u00e9s criminelles et des m\u00e9canismes qui m\u00e8nent \u00e0 ces violences tout en favorisant l\u2019\u00e9mergence d\u2019une citoyennet\u00e9 active, critique et engag\u00e9e chez un public de jeunes, d\u2019\u00e9tudiants, d\u2019enseignants, d\u2019ONG et de (futurs) acteurs de la justice.<\/p>\n\n\n\n<p>Le si\u00e8ge de l\u2019association, bas\u00e9 \u00e0 Bruxelles, est compos\u00e9 d\u2019une dizaine de salari\u00e9s appuy\u00e9s par des stagiaires et des b\u00e9n\u00e9voles.<\/p>\n\n\n\n<p>Dans le cadre de ce programme Europe, nous cherchons un(e) assistant(e) qui nous appuiera dans le d\u00e9veloppement et la mise en \u0153uvre de nos activit\u00e9s. Le\/la assistant(e) travaillera sous la supervision des charg\u00e9es p\u00e9dagogiques.<\/p>\n\n\n\n<p><strong>Profil recherch\u00e9&nbsp;:<\/strong><\/p>\n\n\n\n<ul class=\"wp-block-list\"><li> Dipl\u00f4me en sciences humaines ou sociales (science de l\u2019\u00e9ducation, communication, sociologie, psychologie, p\u00e9dagogie, histoire, criminologie, droit\u2026)<\/li><li> Exp\u00e9rience d\u2019un an minimum dans un poste similaire alliant des comp\u00e9tences en \u00e9ducation permanente et dans la communication<\/li><li> Bonne connaissance des dispositifs \u00e9ducatifs et des r\u00e9seaux d\u2019\u00e9ducation \u00e0 la m\u00e9moire et l\u2019\u00e9ducation \u00e0 la citoyennet\u00e9 mondiale et solidaire<\/li><li> Exp\u00e9rience en animation de groupes, notamment des adultes et des 15-18 ans<\/li><li> Int\u00e9r\u00eat pour le secteur des droits humains, de la pr\u00e9vention des conflits et des questions m\u00e9morielles<\/li><li> Ma\u00eetrise des logiciels informatiques courants (Word, Excel, Power Point, Prezi\u2026)<\/li><li> Maitrise du fran\u00e7ais (\u00e0 l\u2019\u00e9crit et \u00e0 l\u2019oral). Une bonne compr\u00e9hension du n\u00e9erlandais et de l\u2019anglais est un atout.<\/li><li> Sens de l\u2019organisation et des responsabilit\u00e9s<\/li><li> La connaissance de la gestion du cycle de projet (GAR et TOC) est un atout<\/li><\/ul>\n\n\n\n<p><strong>T\u00e2ches&nbsp;:<\/strong><\/p>\n\n\n\n<ul class=\"wp-block-list\"><li> Conduire et \u00e9valuer les animations aupr\u00e8s des diff\u00e9rents publics du projet (public scolaire du secondaire sup\u00e9rieur, des jeunes, des ONG et de l\u2019enseignement sup\u00e9rieur)<\/li><li> Tenir \u00e0 jour les outils de gestion des activit\u00e9s pour les activit\u00e9s qui lui sont assign\u00e9es (chronogramme, rapport trimestriel\u2026).<\/li><li> Participer \u00e0 l\u2019\u00e9laboration et \u00e0 la mise \u00e0 jour des outils p\u00e9dagogiques<\/li><li> Aider \u00e0 la promotion du projet aupr\u00e8s des structures \u00e9ducatives et associatives<\/li><li> Participer \u00e0 l\u2019organisation logistique d\u2019\u00e9v\u00e9nements li\u00e9s aux activit\u00e9s<\/li><li> Proposer et mettre \u00e0 jour les supports de communication du projet pour les activit\u00e9s qui lui sont assign\u00e9es (site internet, brochure, page Facebook\u2026).<\/li><li> Contribuer \u00e0 la r\u00e9daction et \u00e0 la mise en forme des demandes de subvention<\/li><li> Contribuer \u00e0 r\u00e9diger des rapports narratifs (trimestriel\/annuel) de suivi des activit\u00e9s et du reporting aupr\u00e8s des bailleurs<\/li><li> Participer \u00e0 la r\u00e9flexion sur les orientations du programme<\/li><\/ul>\n\n\n\n<p><strong>Dur\u00e9e&nbsp;:<\/strong> RCN J&amp;D propose un contrat un temps plein \u00e0 dur\u00e9e d\u00e9termin\u00e9e de 3 mois (renouvelable)<\/p>\n\n\n\n<p><strong>Quand&nbsp;:<\/strong> poste \u00e0 pourvoir d\u00e8s que possible<\/p>\n\n\n\n<p><strong>Lieu&nbsp;:<\/strong> Bruxelles<\/p>\n\n\n\n<p><strong>Conditions&nbsp;:<\/strong> salaire brut conforme au secteur, ch\u00e8ques repas<\/p>\n\n\n\n<p>Une lettre de motivation accompagn\u00e9e d\u2019un CV doit \u00eatre adress\u00e9e en fran\u00e7ais <strong>le 15 octobre 2019 au plus tard <\/strong> par email \u00e0 Patricia Kela (job@rcn-ong.be), en mentionnant \u00ab&nbsp;Assistant p\u00e9dagogique&nbsp;\u00bb dans l\u2019objet du mail. Les candidats sont invit\u00e9s \u00e0 mentionner leurs disponibilit\u00e9s dans la lettre de motivation et d\u2019ajouter les coordonn\u00e9es de trois personnes de r\u00e9f\u00e9rences par rapport aux derniers postes occup\u00e9s.<\/p>\n\n\n\n<p><strong>RCN Justice &amp; D\u00e9mocratie respecte l\u2019\u00e9galit\u00e9 des opportunit\u00e9s. Nous s\u00e9lectionnons les candidat(e)s sur base de leurs qualit\u00e9s, leurs comp\u00e9tences, ind\u00e9pendamment de leur \u00e2ge, leur sexe et origine. <\/strong><\/p>\n\n\n\n<p>Seuls les candidats pr\u00e9s\u00e9lectionn\u00e9s seront contact\u00e9s.<\/p>\n\n\n\n<p>Si un(e) bon(ne) candidat(e) se pr\u00e9sente l\u2019appel \u00e0 candidatures peut \u00eatre cl\u00f4tur\u00e9 avant la date indiqu\u00e9e.<\/p>\n\n\n\n<p><a href=\"https:\/\/rcn-ong.be\/wp-content\/uploads\/2019\/10\/offre_assistant_pedagogique_vout.pdf\">PDF<\/a><\/p>\n","protected":false},"excerpt":{"rendered":"<p>RCN Justice &amp; D\u00e9mocratie est une ONG belge qui m\u00e8ne depuis 1994 des projets de reconstruction de l\u2019Etat de droit dans diff\u00e9rents pays en transition ou en d\u00e9veloppement. RCN J&amp;D intervient actuellement en RDC, au Rwanda, au Burundi, au Maroc et en Europe.<\/p>\n<p><span class=\"ellipsis\">&hellip;<\/span><\/p>\n<div class=\"read-more\"><a href=\"https:\/\/rcn-ong.be\/nl\/agir-participer\/offres-demploi\/une-assistante-pedagogique-pour-son-programme-europe\/\">Lees meer &#8250;<\/a><\/div>\n<p><!-- end of .read-more --><\/p>\n","protected":false},"author":3,"featured_media":0,"parent":2085,"menu_order":0,"comment_status":"closed","ping_status":"closed","template":"","meta":{"footnotes":""},"class_list":["post-4765","page","type-page","status-publish","hentry"],"_links":{"self":[{"href":"https:\/\/rcn-ong.be\/nl\/wp-json\/wp\/v2\/pages\/4765","targetHints":{"allow":["GET"]}}],"collection":[{"href":"https:\/\/rcn-ong.be\/nl\/wp-json\/wp\/v2\/pages"}],"about":[{"href":"https:\/\/rcn-ong.be\/nl\/wp-json\/wp\/v2\/types\/page"}],"author":[{"embeddable":true,"href":"https:\/\/rcn-ong.be\/nl\/wp-json\/wp\/v2\/users\/3"}],"replies":[{"embeddable":true,"href":"https:\/\/rcn-ong.be\/nl\/wp-json\/wp\/v2\/comments?post=4765"}],"version-history":[{"count":1,"href":"https:\/\/rcn-ong.be\/nl\/wp-json\/wp\/v2\/pages\/4765\/revisions"}],"predecessor-version":[{"id":4766,"href":"https:\/\/rcn-ong.be\/nl\/wp-json\/wp\/v2\/pages\/4765\/revisions\/4766"}],"up":[{"embeddable":true,"href":"https:\/\/rcn-ong.be\/nl\/wp-json\/wp\/v2\/pages\/2085"}],"wp:attachment":[{"href":"https:\/\/rcn-ong.be\/nl\/wp-json\/wp\/v2\/media?parent=4765"}],"curies":[{"name":"wp","href":"https:\/\/api.w.org\/{rel}","templated":true}]}}